{"id":180,"date":"2021-01-20T11:23:00","date_gmt":"2021-01-20T11:23:00","guid":{"rendered":"https:\/\/tillmenzer.de\/?page_id=180"},"modified":"2024-11-04T14:24:16","modified_gmt":"2024-11-04T14:24:16","slug":"der-organisator","status":"publish","type":"page","link":"https:\/\/tillmenzer.de\/index.php\/spielen-meine-bands-seite\/starteseite\/der-organisator\/","title":{"rendered":"Der Organisator."},"content":{"rendered":"\n<p class=\"has-yellow-background-color has-background\" style=\"font-size:1px\"><\/p>\n\n\n\n<div class=\"wp-block-columns is-layout-flex wp-container-core-columns-is-layout-9d6595d7 wp-block-columns-is-layout-flex\">\n<div class=\"wp-block-column is-layout-flow wp-block-column-is-layout-flow\"><div class=\"wp-block-image\">\n<figure class=\"aligncenter size-large is-resized\"><img loading=\"lazy\" decoding=\"async\" width=\"1024\" height=\"390\" src=\"https:\/\/tillmenzer.de\/wp-content\/uploads\/2021\/01\/Scheinheilig-1024x390.jpg\" alt=\"\" class=\"wp-image-294\" style=\"width:528px;height:auto\" srcset=\"https:\/\/tillmenzer.de\/wp-content\/uploads\/2021\/01\/Scheinheilig-1024x390.jpg 1024w, https:\/\/tillmenzer.de\/wp-content\/uploads\/2021\/01\/Scheinheilig-300x114.jpg 300w, https:\/\/tillmenzer.de\/wp-content\/uploads\/2021\/01\/Scheinheilig-768x292.jpg 768w, https:\/\/tillmenzer.de\/wp-content\/uploads\/2021\/01\/Scheinheilig-1536x584.jpg 1536w, https:\/\/tillmenzer.de\/wp-content\/uploads\/2021\/01\/Scheinheilig-2048x779.jpg 2048w\" sizes=\"auto, (max-width: 1024px) 100vw, 1024px\" \/><\/figure>\n<\/div><\/div>\n<\/div>\n\n\n\n<div class=\"wp-block-columns is-layout-flex wp-container-core-columns-is-layout-9d6595d7 wp-block-columns-is-layout-flex\">\n<div class=\"wp-block-column is-layout-flow wp-block-column-is-layout-flow\">\n<figure class=\"wp-block-embed aligncenter is-type-video is-provider-youtube wp-block-embed-youtube wp-embed-aspect-16-9 wp-has-aspect-ratio\"><div class=\"wp-block-embed__wrapper\">\n<iframe loading=\"lazy\" title=\"Scheinheiligabend - 23.12.2019 Kulturfabrik Krefeld\" width=\"920\" height=\"518\" src=\"https:\/\/www.youtube.com\/embed\/Rq7HuBfGzqQ?feature=oembed\" frameborder=\"0\" allow=\"accelerometer; autoplay; clipboard-write; encrypted-media; gyroscope; picture-in-picture; web-share\" referrerpolicy=\"strict-origin-when-cross-origin\" allowfullscreen><\/iframe>\n<\/div><figcaption class=\"wp-element-caption\">23.12.2019<\/figcaption><\/figure>\n\n\n\n<p><\/p>\n<\/div>\n\n\n\n<div class=\"wp-block-column is-layout-flow wp-block-column-is-layout-flow\">\n<div class=\"wp-block-group\"><div class=\"wp-block-group__inner-container is-layout-constrained wp-block-group-is-layout-constrained\"><\/div><\/div>\n\n\n\n<p class=\"has-text-align-center\">5 Jahre &#8222;Scheinheiligabend&#8220; in der Kulturfabrik Krefeld<\/p>\n<\/div>\n\n\n\n<div class=\"wp-block-column is-layout-flow wp-block-column-is-layout-flow\"><div class=\"wp-block-image\">\n<figure class=\"aligncenter size-large\"><img loading=\"lazy\" decoding=\"async\" width=\"1024\" height=\"683\" src=\"https:\/\/tillmenzer.de\/wp-content\/uploads\/2021\/01\/26172393_10155890453989424_1607265880410282846_o-1024x683.jpg\" alt=\"\" class=\"wp-image-295\" srcset=\"https:\/\/tillmenzer.de\/wp-content\/uploads\/2021\/01\/26172393_10155890453989424_1607265880410282846_o-1024x683.jpg 1024w, https:\/\/tillmenzer.de\/wp-content\/uploads\/2021\/01\/26172393_10155890453989424_1607265880410282846_o-300x200.jpg 300w, https:\/\/tillmenzer.de\/wp-content\/uploads\/2021\/01\/26172393_10155890453989424_1607265880410282846_o-768x512.jpg 768w, https:\/\/tillmenzer.de\/wp-content\/uploads\/2021\/01\/26172393_10155890453989424_1607265880410282846_o-1536x1024.jpg 1536w, https:\/\/tillmenzer.de\/wp-content\/uploads\/2021\/01\/26172393_10155890453989424_1607265880410282846_o.jpg 2048w\" sizes=\"auto, (max-width: 1024px) 100vw, 1024px\" \/><figcaption class=\"wp-element-caption\">23.12.2020<\/figcaption><\/figure>\n<\/div>\n\n\n<p><\/p>\n<\/div>\n<\/div>\n\n\n\n<div class=\"wp-block-columns is-layout-flex wp-container-core-columns-is-layout-9d6595d7 wp-block-columns-is-layout-flex\">\n<div class=\"wp-block-column is-layout-flow wp-block-column-is-layout-flow\"><div class=\"wp-block-image\">\n<figure class=\"aligncenter size-full\"><img loading=\"lazy\" decoding=\"async\" width=\"404\" height=\"64\" src=\"https:\/\/tillmenzer.de\/wp-content\/uploads\/2021\/02\/Suedbahnhof_neu_nobackround.png\" alt=\"\" class=\"wp-image-345\" srcset=\"https:\/\/tillmenzer.de\/wp-content\/uploads\/2021\/02\/Suedbahnhof_neu_nobackround.png 404w, https:\/\/tillmenzer.de\/wp-content\/uploads\/2021\/02\/Suedbahnhof_neu_nobackround-300x48.png 300w\" sizes=\"auto, (max-width: 404px) 100vw, 404px\" \/><\/figure>\n<\/div><\/div>\n<\/div>\n\n\n\n<div class=\"wp-block-columns is-layout-flex wp-container-core-columns-is-layout-9d6595d7 wp-block-columns-is-layout-flex\">\n<div class=\"wp-block-column is-layout-flow wp-block-column-is-layout-flow\">\n<figure class=\"wp-block-embed is-type-video is-provider-youtube wp-block-embed-youtube wp-embed-aspect-16-9 wp-has-aspect-ratio\"><div class=\"wp-block-embed__wrapper\">\n<iframe loading=\"lazy\" title=\"SaV II - Concert || Mit Petra Nachtmanova, Till Menzer, Bastian Vogel und Ceyhun Kaya\" width=\"920\" height=\"518\" src=\"https:\/\/www.youtube.com\/embed\/kYWFV9mV_Tg?feature=oembed\" frameborder=\"0\" allow=\"accelerometer; autoplay; clipboard-write; encrypted-media; gyroscope; picture-in-picture; web-share\" referrerpolicy=\"strict-origin-when-cross-origin\" allowfullscreen><\/iframe>\n<\/div><figcaption class=\"wp-element-caption\">2 Jahre &#8222;Sounds and Voices&#8220; Interkultur und Austausch mit Istanbul<\/figcaption><\/figure>\n\n\n\n<p>.<\/p>\n<\/div>\n\n\n\n<div class=\"wp-block-column is-layout-flow wp-block-column-is-layout-flow\">\n<p class=\"has-text-align-center\">Zusammen mit dem S\u00fcdbahnhof Krefeld<\/p>\n<\/div>\n\n\n\n<div class=\"wp-block-column is-layout-flow wp-block-column-is-layout-flow\">\n<figure class=\"wp-block-embed is-type-video is-provider-youtube wp-block-embed-youtube wp-embed-aspect-16-9 wp-has-aspect-ratio\"><div class=\"wp-block-embed__wrapper\">\n<iframe loading=\"lazy\" title=\"Sounds and Voices - D\u00fcmtek is what they say @S\u00fcdbahnhof 2020\" width=\"920\" height=\"518\" src=\"https:\/\/www.youtube.com\/embed\/bEGuXXv8bXQ?feature=oembed\" frameborder=\"0\" allow=\"accelerometer; autoplay; clipboard-write; encrypted-media; gyroscope; picture-in-picture; web-share\" referrerpolicy=\"strict-origin-when-cross-origin\" allowfullscreen><\/iframe>\n<\/div><figcaption class=\"wp-element-caption\">2 Jahre &#8222;Sounds and Voices&#8220; Interkultur und Austausch mit Istanbu<\/figcaption><\/figure>\n<\/div>\n<\/div>\n\n\n\n<p class=\"has-text-align-center has-yellow-background-color has-background\" style=\"font-size:2px\"><\/p>\n\n\n\n<p class=\"has-text-align-center has-black-background-color has-background\" style=\"font-size:32px\"><strong>Vergangen<\/strong>:<\/p>\n\n\n\n<div class=\"wp-block-columns is-layout-flex wp-container-core-columns-is-layout-9d6595d7 wp-block-columns-is-layout-flex\">\n<div class=\"wp-block-column is-layout-flow wp-block-column-is-layout-flow\">\n<figure class=\"wp-block-image size-large is-resized\"><a href=\"https:\/\/ilbertz-vt.de\/\"><img loading=\"lazy\" decoding=\"async\" width=\"1024\" height=\"389\" src=\"https:\/\/tillmenzer.de\/wp-content\/uploads\/2021\/01\/Spassbad1-1024x389.png\" alt=\"\" class=\"wp-image-264\" style=\"aspect-ratio:2.63986013986014;width:755px;height:auto\" srcset=\"https:\/\/tillmenzer.de\/wp-content\/uploads\/2021\/01\/Spassbad1-1024x389.png 1024w, https:\/\/tillmenzer.de\/wp-content\/uploads\/2021\/01\/Spassbad1-300x114.png 300w, https:\/\/tillmenzer.de\/wp-content\/uploads\/2021\/01\/Spassbad1-768x292.png 768w, https:\/\/tillmenzer.de\/wp-content\/uploads\/2021\/01\/Spassbad1-1536x583.png 1536w, https:\/\/tillmenzer.de\/wp-content\/uploads\/2021\/01\/Spassbad1.png 1864w\" sizes=\"auto, (max-width: 1024px) 100vw, 1024px\" \/><\/a><figcaption class=\"wp-element-caption\">Ilbertz in Concert mit Naheli<\/figcaption><\/figure>\n\n\n\n<div class=\"wp-block-columns is-layout-flex wp-container-core-columns-is-layout-9d6595d7 wp-block-columns-is-layout-flex\">\n<div class=\"wp-block-column is-layout-flow wp-block-column-is-layout-flow\">\n<figure class=\"wp-block-image size-large is-resized\"><a href=\"https:\/\/www.provinztheater.de\/wordpress\/?page_id=917\"><img loading=\"lazy\" decoding=\"async\" width=\"1024\" height=\"379\" src=\"https:\/\/tillmenzer.de\/wp-content\/uploads\/2021\/01\/rummel-1024x379.jpg\" alt=\"\" class=\"wp-image-267\" style=\"width:508px;height:188px\" srcset=\"https:\/\/tillmenzer.de\/wp-content\/uploads\/2021\/01\/rummel-1024x379.jpg 1024w, https:\/\/tillmenzer.de\/wp-content\/uploads\/2021\/01\/rummel-300x111.jpg 300w, https:\/\/tillmenzer.de\/wp-content\/uploads\/2021\/01\/rummel-768x285.jpg 768w, https:\/\/tillmenzer.de\/wp-content\/uploads\/2021\/01\/rummel-1536x569.jpg 1536w, https:\/\/tillmenzer.de\/wp-content\/uploads\/2021\/01\/rummel.jpg 2000w\" sizes=\"auto, (max-width: 1024px) 100vw, 1024px\" \/><\/a><figcaption class=\"wp-element-caption\">Die Rummel-Reihe des Provinztheaters<\/figcaption><\/figure>\n<\/div>\n\n\n\n<div class=\"wp-block-column is-layout-flow wp-block-column-is-layout-flow\">\n<figure class=\"wp-block-image size-large is-resized\"><a href=\"https:\/\/www.youtube.com\/watch?v=aEcICQegSOI\"><img loading=\"lazy\" decoding=\"async\" width=\"1024\" height=\"402\" src=\"https:\/\/tillmenzer.de\/wp-content\/uploads\/2021\/01\/Kultuerchen4-1024x402.png\" alt=\"\" class=\"wp-image-268\" style=\"width:491px;height:193px\" srcset=\"https:\/\/tillmenzer.de\/wp-content\/uploads\/2021\/01\/Kultuerchen4-1024x402.png 1024w, https:\/\/tillmenzer.de\/wp-content\/uploads\/2021\/01\/Kultuerchen4-300x118.png 300w, https:\/\/tillmenzer.de\/wp-content\/uploads\/2021\/01\/Kultuerchen4-768x301.png 768w, https:\/\/tillmenzer.de\/wp-content\/uploads\/2021\/01\/Kultuerchen4-1536x603.png 1536w, https:\/\/tillmenzer.de\/wp-content\/uploads\/2021\/01\/Kultuerchen4.png 1560w\" sizes=\"auto, (max-width: 1024px) 100vw, 1024px\" \/><\/a><figcaption class=\"wp-element-caption\">k\u00fcnstlerische Leitung K\u00fclt\u00fcrche<\/figcaption><\/figure>\n<\/div>\n<\/div>\n<\/div>\n\n\n\n<div class=\"wp-block-column is-layout-flow wp-block-column-is-layout-flow\">\n<figure class=\"wp-block-image size-large\"><a href=\"https:\/\/www.kulturfabrik-krefeld.de\/veranstaltung\/4922\"><img loading=\"lazy\" decoding=\"async\" width=\"1024\" height=\"683\" src=\"https:\/\/tillmenzer.de\/wp-content\/uploads\/2021\/01\/135e0e8fa93909b4563659da2566b13f.jpg\" alt=\"\" class=\"wp-image-265\" srcset=\"https:\/\/tillmenzer.de\/wp-content\/uploads\/2021\/01\/135e0e8fa93909b4563659da2566b13f.jpg 1024w, https:\/\/tillmenzer.de\/wp-content\/uploads\/2021\/01\/135e0e8fa93909b4563659da2566b13f-300x200.jpg 300w, https:\/\/tillmenzer.de\/wp-content\/uploads\/2021\/01\/135e0e8fa93909b4563659da2566b13f-768x512.jpg 768w\" sizes=\"auto, (max-width: 1024px) 100vw, 1024px\" \/><\/a><figcaption class=\"wp-element-caption\">KuFa;Blind Guardian; ZOO AID art gerecht.;gro\u00dfe Halle; 26-01-2020<\/figcaption><\/figure>\n\n\n\n<p><\/p>\n<\/div>\n<\/div>\n\n\n\n<div class=\"wp-block-columns is-layout-flex wp-container-core-columns-is-layout-9d6595d7 wp-block-columns-is-layout-flex\">\n<div class=\"wp-block-column is-layout-flow wp-block-column-is-layout-flow\">\n<figure class=\"wp-block-embed is-type-video is-provider-youtube wp-block-embed-youtube wp-embed-aspect-16-9 wp-has-aspect-ratio\"><div class=\"wp-block-embed__wrapper\">\n<iframe loading=\"lazy\" title=\"Mondo Mashup Set @ Seidener Faden \u00dcberbr\u00fcckungsmusik 2020 Distanz 10\" width=\"920\" height=\"518\" src=\"https:\/\/www.youtube.com\/embed\/-ax3ytqq5gw?start=328&#038;feature=oembed\" frameborder=\"0\" allow=\"accelerometer; autoplay; clipboard-write; encrypted-media; gyroscope; picture-in-picture; web-share\" referrerpolicy=\"strict-origin-when-cross-origin\" allowfullscreen><\/iframe>\n<\/div><figcaption class=\"wp-element-caption\">Mondo Mashup auf der &#8222;\u00dcberbr\u00fcckungsmusik 2020&#8220;<\/figcaption><\/figure>\n\n\n\n<p><\/p>\n<\/div>\n\n\n\n<div class=\"wp-block-column is-layout-flow wp-block-column-is-layout-flow\">\n<figure class=\"wp-block-embed is-type-video is-provider-youtube wp-block-embed-youtube wp-embed-aspect-16-9 wp-has-aspect-ratio\"><div class=\"wp-block-embed__wrapper\">\n<iframe loading=\"lazy\" title=\"The Nicks @ Seidener Faden \u00dcberbr\u00fcckungsmusik 2020 Distanz 10\" width=\"920\" height=\"518\" src=\"https:\/\/www.youtube.com\/embed\/PQJ2W19jUuo?feature=oembed\" frameborder=\"0\" allow=\"accelerometer; autoplay; clipboard-write; encrypted-media; gyroscope; picture-in-picture; web-share\" referrerpolicy=\"strict-origin-when-cross-origin\" allowfullscreen><\/iframe>\n<\/div><figcaption class=\"wp-element-caption\">The Nicks auf der &#8222;\u00dcberbr\u00fcckungsmusik 2020&#8220;<\/figcaption><\/figure>\n<\/div>\n<\/div>\n\n\n\n<p class=\"has-text-align-center has-yellow-background-color has-background\" style=\"font-size:2px\"><\/p>\n\n\n\n<p class=\"has-text-align-center\" style=\"font-size:32px\"><strong>Ich engagiere mich bei:<br><\/strong><\/p>\n\n\n\n<div class=\"wp-block-columns is-layout-flex wp-container-core-columns-is-layout-9d6595d7 wp-block-columns-is-layout-flex\">\n<div class=\"wp-block-column is-layout-flow wp-block-column-is-layout-flow\">\n<figure class=\"wp-block-image size-large is-resized\"><a href=\"https:\/\/provinzgiganten.de\/\"><img loading=\"lazy\" decoding=\"async\" width=\"250\" height=\"170\" src=\"https:\/\/tillmenzer.de\/wp-content\/uploads\/2021\/01\/pg_logo.png\" alt=\"\" class=\"wp-image-261\" style=\"width:421px;height:286px\"\/><\/a><\/figure>\n\n\n\n<p>Provinzgiganten e.V.<\/p>\n<\/div>\n\n\n\n<div class=\"wp-block-column is-layout-flow wp-block-column-is-layout-flow\">\n<figure class=\"wp-block-image size-large\"><a href=\"https:\/\/seidenerfaden.de\/\"><img loading=\"lazy\" decoding=\"async\" width=\"1024\" height=\"530\" src=\"https:\/\/tillmenzer.de\/wp-content\/uploads\/2021\/01\/Logo_seidenerFaden_w-1024x530.png\" alt=\"\" class=\"wp-image-262\" srcset=\"https:\/\/tillmenzer.de\/wp-content\/uploads\/2021\/01\/Logo_seidenerFaden_w-1024x530.png 1024w, https:\/\/tillmenzer.de\/wp-content\/uploads\/2021\/01\/Logo_seidenerFaden_w-300x155.png 300w, https:\/\/tillmenzer.de\/wp-content\/uploads\/2021\/01\/Logo_seidenerFaden_w-768x398.png 768w, https:\/\/tillmenzer.de\/wp-content\/uploads\/2021\/01\/Logo_seidenerFaden_w-1536x795.png 1536w, https:\/\/tillmenzer.de\/wp-content\/uploads\/2021\/01\/Logo_seidenerFaden_w-2048x1060.png 2048w\" sizes=\"auto, (max-width: 1024px) 100vw, 1024px\" \/><\/a><\/figure>\n\n\n\n<p>Allesamt am seidenen Faden<\/p>\n<\/div>\n<\/div>\n\n\n\n<p><\/p>\n\n\n\n<p><\/p>\n\n\n\n<p><\/p>\n","protected":false},"excerpt":{"rendered":"<p>5<\/p>\n<p class=\"more-link\"><a href=\"https:\/\/tillmenzer.de\/index.php\/spielen-meine-bands-seite\/starteseite\/der-organisator\/\" class=\"readmore\">weiter<svg class=\"icon icon-arrow-right\" aria-hidden=\"true\" role=\"img\"> <use href=\"#icon-arrow-right\" xlink:href=\"#icon-arrow-right\"><\/use> <\/svg><span class=\"screen-reader-text\">Der Organisator.<\/span><\/a><\/p>\n","protected":false},"author":1,"featured_media":207,"parent":119,"menu_order":0,"comment_status":"closed","ping_status":"closed","template":"","meta":{"footnotes":""},"class_list":["post-180","page","type-page","status-publish","has-post-thumbnail","hentry"],"_links":{"self":[{"href":"https:\/\/tillmenzer.de\/index.php\/wp-json\/wp\/v2\/pages\/180","targetHints":{"allow":["GET"]}}],"collection":[{"href":"https:\/\/tillmenzer.de\/index.php\/wp-json\/wp\/v2\/pages"}],"about":[{"href":"https:\/\/tillmenzer.de\/index.php\/wp-json\/wp\/v2\/types\/page"}],"author":[{"embeddable":true,"href":"https:\/\/tillmenzer.de\/index.php\/wp-json\/wp\/v2\/users\/1"}],"replies":[{"embeddable":true,"href":"https:\/\/tillmenzer.de\/index.php\/wp-json\/wp\/v2\/comments?post=180"}],"version-history":[{"count":37,"href":"https:\/\/tillmenzer.de\/index.php\/wp-json\/wp\/v2\/pages\/180\/revisions"}],"predecessor-version":[{"id":451,"href":"https:\/\/tillmenzer.de\/index.php\/wp-json\/wp\/v2\/pages\/180\/revisions\/451"}],"up":[{"embeddable":true,"href":"https:\/\/tillmenzer.de\/index.php\/wp-json\/wp\/v2\/pages\/119"}],"wp:featuredmedia":[{"embeddable":true,"href":"https:\/\/tillmenzer.de\/index.php\/wp-json\/wp\/v2\/media\/207"}],"wp:attachment":[{"href":"https:\/\/tillmenzer.de\/index.php\/wp-json\/wp\/v2\/media?parent=180"}],"curies":[{"name":"wp","href":"https:\/\/api.w.org\/{rel}","templated":true}]}}